{"id":16,"date":"2020-02-25T09:47:33","date_gmt":"2020-02-25T09:47:33","guid":{"rendered":"http:\/\/www.nicdarkthemes.com\/themes\/hotel\/wp\/demo\/?page_id=16"},"modified":"2023-10-19T15:35:07","modified_gmt":"2023-10-19T15:35:07","slug":"home-1","status":"publish","type":"page","link":"https:\/\/www.centrostoricoviamanno.it\/cagliari\/","title":{"rendered":"HOME PAGE"},"content":{"rendered":"<p>[vc_row][vc_column]<link href=\"https:\/\/fonts.googleapis.com\/css?family=Roboto:400%2C700%2C500%2C900%7CGilda+Display:400%7COpen+Sans:400\" rel=\"stylesheet\" property=\"stylesheet\" type=\"text\/css\" media=\"all\">\n<div id=\"rev_slider_3_1_wrapper\" class=\"rev_slider_wrapper fullwidthbanner-container\" data-source=\"gallery\" style=\"margin:0px auto;background:#1c1c1c;padding:0px;margin-top:0px;margin-bottom:0px;\">\n<!-- START REVOLUTION SLIDER 5.4.8.3 fullwidth mode -->\n\t<div id=\"rev_slider_3_1\" class=\"rev_slider fullwidthabanner\" style=\"display:none;\" data-version=\"5.4.8.3\">\n<ul>\t<!-- SLIDE  -->\n\t<li data-index=\"rs-10\" data-transition=\"fade\" data-slotamount=\"default\" data-hideafterloop=\"0\" data-hideslideonmobile=\"off\"  data-easein=\"default\" data-easeout=\"default\" data-masterspeed=\"default\"  data-thumb=\"https:\/\/www.centrostoricoviamanno.it\/cagliari\/wp-content\/uploads\/2022\/05\/slide1-100x50.jpg\"  data-rotate=\"0\"  data-saveperformance=\"off\"  data-title=\"slide\" data-param1=\"01\" data-param2=\"\" data-param3=\"\" data-param4=\"\" data-param5=\"\" data-param6=\"\" data-param7=\"\" data-param8=\"\" data-param9=\"\" data-param10=\"\" data-description=\"\">\n\t\t<!-- MAIN IMAGE -->\n\t\t<img loading=\"lazy\" decoding=\"async\" src=\"https:\/\/www.centrostoricoviamanno.it\/cagliari\/wp-content\/uploads\/2022\/05\/slide1.jpg\"  alt=\"\" title=\"slide1\"  width=\"1920\" height=\"1280\" data-bgposition=\"center center\" data-bgfit=\"cover\" data-bgrepeat=\"no-repeat\" data-bgparallax=\"3\" class=\"rev-slidebg\" data-no-retina>\n\t\t<!-- LAYERS -->\n\n\t\t<!-- LAYER NR. 1 -->\n\t\t<div class=\"tp-caption tp-shape tp-shapewrapper \" \n\t\t\t id=\"slide-10-layer-1\" \n\t\t\t data-x=\"['center','center','center','center']\" data-hoffset=\"['3','3','0','0']\" \n\t\t\t data-y=\"['middle','middle','middle','middle']\" data-voffset=\"['-111','-111','0','0']\" \n\t\t\t\t\t\tdata-width=\"['551','551','100','100']\"\n\t\t\tdata-height=\"['385','385','100','100']\"\n\t\t\tdata-whitespace=\"nowrap\"\n \n\t\t\tdata-type=\"shape\" \n\t\t\tdata-basealign=\"slide\" \n\t\t\tdata-responsive_offset=\"off\" \n\t\t\tdata-responsive=\"off\"\n\t\t\tdata-frames='[{\"delay\":150,\"speed\":1500,\"frame\":\"0\",\"from\":\"opacity:0;\",\"to\":\"o:1;\",\"ease\":\"Power2.easeInOut\"},{\"delay\":\"wait\",\"speed\":1500,\"frame\":\"999\",\"to\":\"opacity:0;\",\"ease\":\"Power2.easeInOut\"}]'\n\t\t\tdata-textAlign=\"['left','left','left','left']\"\n\t\t\tdata-paddingtop=\"[0,0,0,0]\"\n\t\t\tdata-paddingright=\"[0,0,0,0]\"\n\t\t\tdata-paddingbottom=\"[0,0,0,0]\"\n\t\t\tdata-paddingleft=\"[0,0,0,0]\"\n\n\t\t\tstyle=\"z-index: 5;background-color:rgba(18,12,20,0.75);background:linear-gradient(to bottom, rgba(28,28,28,0.2) 0%,rgba(28,28,28,0.7) 100%);\"> <\/div>\n\n\t\t<!-- LAYER NR. 2 -->\n\t\t<p class=\"tp-caption   tp-resizeme rs-parallaxlevel-2\" \n\t\t\t id=\"slide-10-layer-3\" \n\t\t\t data-x=\"['center','center','center','center']\" data-hoffset=\"['0','0','0','0']\" \n\t\t\t data-y=\"['top','middle','middle','middle']\" data-voffset=\"['120','-150','-100','-100']\" \n\t\t\t\t\t\tdata-fontsize=\"['12','12','14','12']\"\n\t\t\tdata-lineheight=\"['12','12','14','12']\"\n\t\t\tdata-width=\"none\"\n\t\t\tdata-height=\"none\"\n\t\t\tdata-whitespace=\"nowrap\"\n \n\t\t\tdata-type=\"text\" \n\t\t\tdata-responsive_offset=\"on\" \n\n\t\t\tdata-frames='[{\"delay\":2350,\"speed\":1500,\"frame\":\"0\",\"from\":\"y:50px;opacity:0;\",\"to\":\"o:1;\",\"ease\":\"Power3.easeOut\"},{\"delay\":\"wait\",\"speed\":1000,\"frame\":\"999\",\"to\":\"x:0;y:0;z:0;rX:0;rY:0;rZ:0;sX:0.9;sY:0.9;skX:0;skY:0;opacity:0;\",\"ease\":\"Power3.easeInOut\"}]'\n\t\t\tdata-textAlign=\"['center','center','center','center']\"\n\t\t\tdata-paddingtop=\"[0,0,0,0]\"\n\t\t\tdata-paddingright=\"[0,0,0,0]\"\n\t\t\tdata-paddingbottom=\"[0,0,0,0]\"\n\t\t\tdata-paddingleft=\"[0,0,0,0]\"\n\n\t\t\tstyle=\"z-index: 6; white-space: nowrap; font-size: 12px; line-height: 12px; font-weight: 400; color: #ffffff; letter-spacing: px;font-family:Roboto;letter-spacing:2px;\">APARTAMENTS CENTRO STORICO VIA MANNO <\/p>\n\n\t\t<!-- LAYER NR. 3 -->\n\t\t<h1 class=\"tp-caption   tp-resizeme rs-parallaxlevel-1\" \n\t\t\t id=\"slide-10-layer-2\" \n\t\t\t data-x=\"['center','center','center','center']\" data-hoffset=\"['0','0','0','0']\" \n\t\t\t data-y=\"['top','middle','middle','middle']\" data-voffset=\"['190','-10','-10','-10']\" \n\t\t\t\t\t\tdata-fontsize=\"['70','70','50','40']\"\n\t\t\tdata-lineheight=\"['90','70','55','45']\"\n\t\t\tdata-width=\"['none','none','none','320']\"\n\t\t\tdata-height=\"none\"\n\t\t\tdata-whitespace=\"nowrap\"\n \n\t\t\tdata-type=\"text\" \n\t\t\tdata-responsive_offset=\"on\" \n\n\t\t\tdata-frames='[{\"delay\":2550,\"speed\":1500,\"frame\":\"0\",\"from\":\"y:50px;opacity:0;\",\"to\":\"o:1;\",\"ease\":\"Power3.easeOut\"},{\"delay\":\"wait\",\"speed\":1000,\"frame\":\"999\",\"to\":\"x:0;y:0;z:0;rX:0;rY:0;rZ:0;sX:0.9;sY:0.9;skX:0;skY:0;opacity:0;\",\"ease\":\"Power3.easeInOut\"}]'\n\t\t\tdata-textAlign=\"['center','center','center','center']\"\n\t\t\tdata-paddingtop=\"[0,0,0,0]\"\n\t\t\tdata-paddingright=\"[0,0,0,0]\"\n\t\t\tdata-paddingbottom=\"[0,0,0,0]\"\n\t\t\tdata-paddingleft=\"[0,0,0,0]\"\n\n\t\t\tstyle=\"z-index: 7; white-space: nowrap; font-size: 70px; line-height: 90px; font-weight: 400; color: rgba(255,255,255,1); letter-spacing: px;font-family:Gilda Display;\"><strong>ASSICURATI <\/br>\nLA COMODITA'<\/strong> <\/h1>\n\n\t\t<!-- LAYER NR. 4 -->\n\t\t<div class=\"tp-caption rev-btn  rs-parallaxlevel-4\" \n\t\t\t id=\"slide-10-layer-6\" \n\t\t\t data-x=\"['center','center','center','center']\" data-hoffset=\"['0','0','0','0']\" \n\t\t\t data-y=\"['top','middle','middle','middle']\" data-voffset=\"['397','150','100','100']\" \n\t\t\t\t\t\tdata-fontsize=\"['11','13','13','13']\"\n\t\t\tdata-lineheight=\"['12','13','13','13']\"\n\t\t\tdata-fontweight=\"['700','500','500','500']\"\n\t\t\tdata-width=\"none\"\n\t\t\tdata-height=\"none\"\n\t\t\tdata-whitespace=\"nowrap\"\n \n\t\t\tdata-type=\"button\" \n\t\t\tdata-actions='[{\"event\":\"click\",\"action\":\"simplelink\",\"target\":\"_blank\",\"url\":\"https:\\\/\\\/www.prenotazionealberghi.it\\\/prenota\\\/112108-CentroStoricoViaManno\\\/\",\"delay\":\"\"}]'\n\t\t\tdata-responsive_offset=\"on\" \n\n\t\t\tdata-frames='[{\"delay\":3850,\"speed\":1500,\"frame\":\"0\",\"from\":\"z:0;rX:0;rY:0;rZ:0;sX:0.9;sY:0.9;skX:0;skY:0;opacity:0;\",\"to\":\"o:1;\",\"ease\":\"Power2.easeOut\"},{\"delay\":\"wait\",\"speed\":500,\"frame\":\"999\",\"to\":\"x:0;y:0;z:0;rX:0;rY:0;rZ:0;sX:0.75;sY:0.75;skX:0;skY:0;opacity:0;\",\"ease\":\"Power1.easeIn\"},{\"frame\":\"hover\",\"speed\":\"300\",\"ease\":\"Power1.easeInOut\",\"to\":\"o:1;rX:0;rY:0;rZ:0;z:0;\",\"style\":\"c:rgb(255,255,255);\"}]'\n\t\t\tdata-textAlign=\"['left','left','left','left']\"\n\t\t\tdata-paddingtop=\"[15,15,15,15]\"\n\t\t\tdata-paddingright=\"[35,35,35,35]\"\n\t\t\tdata-paddingbottom=\"[15,15,15,15]\"\n\t\t\tdata-paddingleft=\"[35,35,35,35]\"\n\n\t\t\tstyle=\"z-index: 8; white-space: nowrap; font-size: 11px; line-height: 12px; font-weight: 700; color: #ffffff; letter-spacing: px;font-family:Roboto;border-color:rgb(255,255,255);border-style:solid;border-width:2px 2px 2px 2px;letter-spacing:2px;cursor:pointer;\">PRENOTA ORA <\/div>\n\n\t\t<!-- LAYER NR. 5 -->\n\t\t<div class=\"tp-caption tp-shape tp-shapewrapper  tp-resizeme rs-parallaxlevel-4\" \n\t\t\t id=\"slide-10-layer-8\" \n\t\t\t data-x=\"['center','center','center','center']\" data-hoffset=\"['0','0','0','0']\" \n\t\t\t data-y=\"['top','middle','middle','middle']\" data-voffset=\"['160','-130','-80','-80']\" \n\t\t\t\t\t\tdata-width=\"30\"\n\t\t\tdata-height=\"1\"\n\t\t\tdata-whitespace=\"nowrap\"\n \n\t\t\tdata-type=\"shape\" \n\t\t\tdata-responsive_offset=\"on\" \n\n\t\t\tdata-frames='[{\"delay\":2350,\"speed\":1500,\"frame\":\"0\",\"from\":\"y:50px;opacity:0;\",\"to\":\"o:1;\",\"ease\":\"Power3.easeInOut\"},{\"delay\":\"wait\",\"speed\":1000,\"frame\":\"999\",\"to\":\"x:0;y:0;z:0;rX:0;rY:0;rZ:0;sX:0.9;sY:0.9;skX:0;skY:0;opacity:0;\",\"ease\":\"Power3.easeInOut\"}]'\n\t\t\tdata-textAlign=\"['inherit','inherit','inherit','inherit']\"\n\t\t\tdata-paddingtop=\"[0,0,0,0]\"\n\t\t\tdata-paddingright=\"[0,0,0,0]\"\n\t\t\tdata-paddingbottom=\"[0,0,0,0]\"\n\t\t\tdata-paddingleft=\"[0,0,0,0]\"\n\n\t\t\tstyle=\"z-index: 9;background-color:rgb(255,255,255);\"> <\/div>\n\n\t\t<!-- LAYER NR. 6 -->\n\t\t<div class=\"tp-caption tp-shape tp-shapewrapper  tp-resizeme\" \n\t\t\t id=\"slide-10-layer-10\" \n\t\t\t data-x=\"['center','center','center','center']\" data-hoffset=\"['-15','-15','-15','-15']\" \n\t\t\t data-y=\"['bottom','bottom','bottom','bottom']\" data-voffset=\"['35','35','35','35']\" \n\t\t\t\t\t\tdata-width=\"10\"\n\t\t\tdata-height=\"10\"\n\t\t\tdata-whitespace=\"nowrap\"\n \n\t\t\tdata-type=\"shape\" \n\t\t\tdata-actions='[{\"event\":\"click\",\"action\":\"jumptoslide\",\"slide\":\"previous\",\"delay\":\"\"}]'\n\t\t\tdata-responsive_offset=\"on\" \n\n\t\t\tdata-frames='[{\"delay\":0,\"speed\":300,\"frame\":\"0\",\"from\":\"opacity:0;\",\"to\":\"o:1;\",\"ease\":\"Power3.easeInOut\"},{\"delay\":\"wait\",\"speed\":300,\"frame\":\"999\",\"to\":\"opacity:0;\",\"ease\":\"Power3.easeInOut\"}]'\n\t\t\tdata-textAlign=\"['inherit','inherit','inherit','inherit']\"\n\t\t\tdata-paddingtop=\"[0,0,0,0]\"\n\t\t\tdata-paddingright=\"[0,0,0,0]\"\n\t\t\tdata-paddingbottom=\"[0,0,0,0]\"\n\t\t\tdata-paddingleft=\"[0,0,0,0]\"\n\n\t\t\tstyle=\"z-index: 10;background-color:rgb(255,255,255);\"> <\/div>\n\n\t\t<!-- LAYER NR. 7 -->\n\t\t<div class=\"tp-caption tp-shape tp-shapewrapper  tp-resizeme\" \n\t\t\t id=\"slide-10-layer-11\" \n\t\t\t data-x=\"['center','center','center','center']\" data-hoffset=\"['-18','-18','-18','15']\" \n\t\t\t data-y=\"['bottom','bottom','bottom','bottom']\" data-voffset=\"['35','35','35','35']\" \n\t\t\t\t\t\tdata-width=\"10\"\n\t\t\tdata-height=\"10\"\n\t\t\tdata-whitespace=\"nowrap\"\n \n\t\t\tdata-type=\"shape\" \n\t\t\tdata-actions='[{\"event\":\"click\",\"action\":\"jumptoslide\",\"slide\":\"next\",\"delay\":\"\"}]'\n\t\t\tdata-responsive_offset=\"on\" \n\n\t\t\tdata-frames='[{\"delay\":0,\"speed\":300,\"frame\":\"0\",\"from\":\"opacity:0;\",\"to\":\"o:1;\",\"ease\":\"Power3.easeInOut\"},{\"delay\":\"wait\",\"speed\":300,\"frame\":\"999\",\"to\":\"opacity:0;\",\"ease\":\"Power3.easeInOut\"}]'\n\t\t\tdata-textAlign=\"['inherit','inherit','inherit','inherit']\"\n\t\t\tdata-paddingtop=\"[0,0,0,0]\"\n\t\t\tdata-paddingright=\"[0,0,0,0]\"\n\t\t\tdata-paddingbottom=\"[0,0,0,0]\"\n\t\t\tdata-paddingleft=\"[0,0,0,0]\"\n\n\t\t\tstyle=\"z-index: 11;background-color:rgba(255,255,255,0.5);\"> <\/div>\n\t<\/li>\n\t<!-- SLIDE  -->\n\t<li data-index=\"rs-11\" data-transition=\"fade\" data-slotamount=\"default\" data-hideafterloop=\"0\" data-hideslideonmobile=\"off\"  data-easein=\"default\" data-easeout=\"default\" data-masterspeed=\"default\"  data-thumb=\"https:\/\/www.centrostoricoviamanno.it\/cagliari\/wp-content\/uploads\/2022\/05\/slide2-100x50.jpg\"  data-rotate=\"0\"  data-saveperformance=\"off\"  data-title=\"slide\" data-param1=\"01\" data-param2=\"\" data-param3=\"\" data-param4=\"\" data-param5=\"\" data-param6=\"\" data-param7=\"\" data-param8=\"\" data-param9=\"\" data-param10=\"\" data-description=\"\">\n\t\t<!-- MAIN IMAGE -->\n\t\t<img loading=\"lazy\" decoding=\"async\" src=\"https:\/\/www.centrostoricoviamanno.it\/cagliari\/wp-content\/uploads\/2022\/05\/slide2.jpg\"  alt=\"\" title=\"slide2\"  width=\"1920\" height=\"1280\" data-bgposition=\"center bottom\" data-bgfit=\"cover\" data-bgrepeat=\"no-repeat\" data-bgparallax=\"3\" class=\"rev-slidebg\" data-no-retina>\n\t\t<!-- LAYERS -->\n\n\t\t<!-- LAYER NR. 8 -->\n\t\t<div class=\"tp-caption tp-shape tp-shapewrapper \" \n\t\t\t id=\"slide-11-layer-1\" \n\t\t\t data-x=\"['center','center','center','center']\" data-hoffset=\"['-8','-8','0','0']\" \n\t\t\t data-y=\"['middle','middle','middle','middle']\" data-voffset=\"['-119','-119','0','0']\" \n\t\t\t\t\t\tdata-width=\"['498','498','100','100']\"\n\t\t\tdata-height=\"['395','395','100','100']\"\n\t\t\tdata-whitespace=\"nowrap\"\n \n\t\t\tdata-type=\"shape\" \n\t\t\tdata-basealign=\"slide\" \n\t\t\tdata-responsive_offset=\"off\" \n\t\t\tdata-responsive=\"off\"\n\t\t\tdata-frames='[{\"delay\":150,\"speed\":1500,\"frame\":\"0\",\"from\":\"opacity:0;\",\"to\":\"o:1;\",\"ease\":\"Power2.easeInOut\"},{\"delay\":\"wait\",\"speed\":1500,\"frame\":\"999\",\"to\":\"opacity:0;\",\"ease\":\"Power2.easeInOut\"}]'\n\t\t\tdata-textAlign=\"['left','left','left','left']\"\n\t\t\tdata-paddingtop=\"[0,0,0,0]\"\n\t\t\tdata-paddingright=\"[0,0,0,0]\"\n\t\t\tdata-paddingbottom=\"[0,0,0,0]\"\n\t\t\tdata-paddingleft=\"[0,0,0,0]\"\n\n\t\t\tstyle=\"z-index: 5;background-color:rgba(18,12,20,0.75);background:linear-gradient(to bottom, rgba(28,28,28,0.2) 0%,rgba(28,28,28,0.7) 100%);\"> <\/div>\n\n\t\t<!-- LAYER NR. 9 -->\n\t\t<p class=\"tp-caption   tp-resizeme rs-parallaxlevel-2\" \n\t\t\t id=\"slide-11-layer-3\" \n\t\t\t data-x=\"['center','center','center','center']\" data-hoffset=\"['0','0','0','0']\" \n\t\t\t data-y=\"['top','middle','middle','middle']\" data-voffset=\"['120','-150','-100','-100']\" \n\t\t\t\t\t\tdata-fontsize=\"['12','12','14','12']\"\n\t\t\tdata-lineheight=\"['12','12','14','12']\"\n\t\t\tdata-width=\"none\"\n\t\t\tdata-height=\"none\"\n\t\t\tdata-whitespace=\"nowrap\"\n \n\t\t\tdata-type=\"text\" \n\t\t\tdata-responsive_offset=\"on\" \n\n\t\t\tdata-frames='[{\"delay\":2350,\"speed\":1500,\"frame\":\"0\",\"from\":\"y:50px;opacity:0;\",\"to\":\"o:1;\",\"ease\":\"Power3.easeOut\"},{\"delay\":\"wait\",\"speed\":1000,\"frame\":\"999\",\"to\":\"x:0;y:0;z:0;rX:0;rY:0;rZ:0;sX:0.9;sY:0.9;skX:0;skY:0;opacity:0;\",\"ease\":\"Power3.easeInOut\"}]'\n\t\t\tdata-textAlign=\"['center','center','center','center']\"\n\t\t\tdata-paddingtop=\"[0,0,0,0]\"\n\t\t\tdata-paddingright=\"[0,0,0,0]\"\n\t\t\tdata-paddingbottom=\"[0,0,0,0]\"\n\t\t\tdata-paddingleft=\"[0,0,0,0]\"\n\n\t\t\tstyle=\"z-index: 6; white-space: nowrap; font-size: 12px; line-height: 12px; font-weight: 400; color: #ffffff; letter-spacing: px;font-family:Roboto;letter-spacing:2px;\">MONOLOCALE CON LETTO AGGIUNTIVO <\/p>\n\n\t\t<!-- LAYER NR. 10 -->\n\t\t<h1 class=\"tp-caption   tp-resizeme rs-parallaxlevel-1\" \n\t\t\t id=\"slide-11-layer-2\" \n\t\t\t data-x=\"['center','center','center','center']\" data-hoffset=\"['0','0','0','0']\" \n\t\t\t data-y=\"['top','middle','middle','middle']\" data-voffset=\"['189','-10','-10','-10']\" \n\t\t\t\t\t\tdata-fontsize=\"['70','70','50','40']\"\n\t\t\tdata-lineheight=\"['90','70','55','45']\"\n\t\t\tdata-width=\"['none','none','none','320']\"\n\t\t\tdata-height=\"none\"\n\t\t\tdata-whitespace=\"nowrap\"\n \n\t\t\tdata-type=\"text\" \n\t\t\tdata-responsive_offset=\"on\" \n\n\t\t\tdata-frames='[{\"delay\":2550,\"speed\":1500,\"frame\":\"0\",\"from\":\"y:50px;opacity:0;\",\"to\":\"o:1;\",\"ease\":\"Power3.easeOut\"},{\"delay\":\"wait\",\"speed\":1000,\"frame\":\"999\",\"to\":\"x:0;y:0;z:0;rX:0;rY:0;rZ:0;sX:0.9;sY:0.9;skX:0;skY:0;opacity:0;\",\"ease\":\"Power3.easeInOut\"}]'\n\t\t\tdata-textAlign=\"['center','center','center','center']\"\n\t\t\tdata-paddingtop=\"[0,0,0,0]\"\n\t\t\tdata-paddingright=\"[0,0,0,0]\"\n\t\t\tdata-paddingbottom=\"[0,0,0,0]\"\n\t\t\tdata-paddingleft=\"[0,0,0,0]\"\n\n\t\t\tstyle=\"z-index: 7; white-space: nowrap; font-size: 70px; line-height: 90px; font-weight: 400; color: rgba(255,255,255,1); letter-spacing: px;font-family:Gilda Display;\"><strong>Tutti i servizi <\/br>\ndei Monolocali<\/strong> <\/h1>\n\n\t\t<!-- LAYER NR. 11 -->\n\t\t<div class=\"tp-caption rev-btn  rs-parallaxlevel-4\" \n\t\t\t id=\"slide-11-layer-6\" \n\t\t\t data-x=\"['center','center','center','center']\" data-hoffset=\"['1','0','0','0']\" \n\t\t\t data-y=\"['top','middle','middle','middle']\" data-voffset=\"['400','150','100','100']\" \n\t\t\t\t\t\tdata-fontsize=\"['11','13','13','13']\"\n\t\t\tdata-lineheight=\"['12','13','13','13']\"\n\t\t\tdata-fontweight=\"['700','500','500','500']\"\n\t\t\tdata-width=\"none\"\n\t\t\tdata-height=\"none\"\n\t\t\tdata-whitespace=\"nowrap\"\n \n\t\t\tdata-type=\"button\" \n\t\t\tdata-actions='[{\"event\":\"click\",\"action\":\"simplelink\",\"target\":\"_self\",\"url\":\"https:\\\/\\\/www.prenotazionealberghi.it\\\/prenota\\\/112108-CentroStoricoViaManno\\\/\",\"delay\":\"\"}]'\n\t\t\tdata-responsive_offset=\"on\" \n\t\t\tdata-responsive=\"off\"\n\t\t\tdata-frames='[{\"delay\":3850,\"speed\":1500,\"frame\":\"0\",\"from\":\"z:0;rX:0;rY:0;rZ:0;sX:0.9;sY:0.9;skX:0;skY:0;opacity:0;\",\"to\":\"o:1;\",\"ease\":\"Power2.easeOut\"},{\"delay\":\"wait\",\"speed\":500,\"frame\":\"999\",\"to\":\"x:0;y:0;z:0;rX:0;rY:0;rZ:0;sX:0.75;sY:0.75;skX:0;skY:0;opacity:0;\",\"ease\":\"Power1.easeIn\"},{\"frame\":\"hover\",\"speed\":\"300\",\"ease\":\"Power1.easeInOut\",\"to\":\"o:1;rX:0;rY:0;rZ:0;z:0;\",\"style\":\"c:rgb(255,255,255);\"}]'\n\t\t\tdata-textAlign=\"['left','left','left','left']\"\n\t\t\tdata-paddingtop=\"[15,15,15,15]\"\n\t\t\tdata-paddingright=\"[35,35,35,35]\"\n\t\t\tdata-paddingbottom=\"[15,15,15,15]\"\n\t\t\tdata-paddingleft=\"[35,35,35,35]\"\n\n\t\t\tstyle=\"z-index: 8; white-space: nowrap; font-size: 11px; line-height: 12px; font-weight: 700; color: #ffffff; letter-spacing: px;font-family:Roboto;border-color:rgb(255,255,255);border-style:solid;border-width:2px 2px 2px 2px;letter-spacing:2px;cursor:pointer;\">PRENOTA ORA <\/div>\n\n\t\t<!-- LAYER NR. 12 -->\n\t\t<div class=\"tp-caption tp-shape tp-shapewrapper  tp-resizeme rs-parallaxlevel-4\" \n\t\t\t id=\"slide-11-layer-8\" \n\t\t\t data-x=\"['center','center','center','center']\" data-hoffset=\"['0','0','0','0']\" \n\t\t\t data-y=\"['top','middle','middle','middle']\" data-voffset=\"['160','-130','-80','-80']\" \n\t\t\t\t\t\tdata-width=\"30\"\n\t\t\tdata-height=\"1\"\n\t\t\tdata-whitespace=\"nowrap\"\n \n\t\t\tdata-type=\"shape\" \n\t\t\tdata-responsive_offset=\"on\" \n\n\t\t\tdata-frames='[{\"delay\":2350,\"speed\":1500,\"frame\":\"0\",\"from\":\"y:50px;opacity:0;\",\"to\":\"o:1;\",\"ease\":\"Power3.easeInOut\"},{\"delay\":\"wait\",\"speed\":1000,\"frame\":\"999\",\"to\":\"x:0;y:0;z:0;rX:0;rY:0;rZ:0;sX:0.9;sY:0.9;skX:0;skY:0;opacity:0;\",\"ease\":\"Power3.easeInOut\"}]'\n\t\t\tdata-textAlign=\"['inherit','inherit','inherit','inherit']\"\n\t\t\tdata-paddingtop=\"[0,0,0,0]\"\n\t\t\tdata-paddingright=\"[0,0,0,0]\"\n\t\t\tdata-paddingbottom=\"[0,0,0,0]\"\n\t\t\tdata-paddingleft=\"[0,0,0,0]\"\n\n\t\t\tstyle=\"z-index: 9;background-color:rgb(255,255,255);\"> <\/div>\n\n\t\t<!-- LAYER NR. 13 -->\n\t\t<div class=\"tp-caption tp-shape tp-shapewrapper  tp-resizeme\" \n\t\t\t id=\"slide-11-layer-10\" \n\t\t\t data-x=\"['center','center','center','center']\" data-hoffset=\"['-15','-15','-15','-15']\" \n\t\t\t data-y=\"['bottom','bottom','bottom','bottom']\" data-voffset=\"['35','35','35','35']\" \n\t\t\t\t\t\tdata-width=\"10\"\n\t\t\tdata-height=\"10\"\n\t\t\tdata-whitespace=\"nowrap\"\n \n\t\t\tdata-type=\"shape\" \n\t\t\tdata-actions='[{\"event\":\"click\",\"action\":\"jumptoslide\",\"slide\":\"previous\",\"delay\":\"\"}]'\n\t\t\tdata-responsive_offset=\"on\" \n\n\t\t\tdata-frames='[{\"delay\":0,\"speed\":300,\"frame\":\"0\",\"from\":\"opacity:0;\",\"to\":\"o:1;\",\"ease\":\"Power3.easeInOut\"},{\"delay\":\"wait\",\"speed\":300,\"frame\":\"999\",\"to\":\"opacity:0;\",\"ease\":\"Power3.easeInOut\"}]'\n\t\t\tdata-textAlign=\"['inherit','inherit','inherit','inherit']\"\n\t\t\tdata-paddingtop=\"[0,0,0,0]\"\n\t\t\tdata-paddingright=\"[0,0,0,0]\"\n\t\t\tdata-paddingbottom=\"[0,0,0,0]\"\n\t\t\tdata-paddingleft=\"[0,0,0,0]\"\n\n\t\t\tstyle=\"z-index: 10;background-color:rgb(255,255,255);\"> <\/div>\n\n\t\t<!-- LAYER NR. 14 -->\n\t\t<div class=\"tp-caption tp-shape tp-shapewrapper  tp-resizeme\" \n\t\t\t id=\"slide-11-layer-11\" \n\t\t\t data-x=\"['center','center','center','center']\" data-hoffset=\"['15','15','15','15']\" \n\t\t\t data-y=\"['bottom','bottom','bottom','bottom']\" data-voffset=\"['35','35','35','35']\" \n\t\t\t\t\t\tdata-width=\"10\"\n\t\t\tdata-height=\"10\"\n\t\t\tdata-whitespace=\"nowrap\"\n \n\t\t\tdata-type=\"shape\" \n\t\t\tdata-actions='[{\"event\":\"click\",\"action\":\"jumptoslide\",\"slide\":\"next\",\"delay\":\"\"}]'\n\t\t\tdata-responsive_offset=\"on\" \n\n\t\t\tdata-frames='[{\"delay\":0,\"speed\":300,\"frame\":\"0\",\"from\":\"opacity:0;\",\"to\":\"o:1;\",\"ease\":\"Power3.easeInOut\"},{\"delay\":\"wait\",\"speed\":300,\"frame\":\"999\",\"to\":\"opacity:0;\",\"ease\":\"Power3.easeInOut\"}]'\n\t\t\tdata-textAlign=\"['inherit','inherit','inherit','inherit']\"\n\t\t\tdata-paddingtop=\"[0,0,0,0]\"\n\t\t\tdata-paddingright=\"[0,0,0,0]\"\n\t\t\tdata-paddingbottom=\"[0,0,0,0]\"\n\t\t\tdata-paddingleft=\"[0,0,0,0]\"\n\n\t\t\tstyle=\"z-index: 11;background-color:rgba(255,255,255,0.5);\"> <\/div>\n\t<\/li>\n\t<!-- SLIDE  -->\n\t<li data-index=\"rs-17\" data-transition=\"fade\" data-slotamount=\"default\" data-hideafterloop=\"0\" data-hideslideonmobile=\"off\"  data-easein=\"default\" data-easeout=\"default\" data-masterspeed=\"300\"  data-thumb=\"https:\/\/www.centrostoricoviamanno.it\/cagliari\/wp-content\/uploads\/2022\/05\/slide3-100x50.jpg\"  data-rotate=\"0\"  data-saveperformance=\"off\"  data-title=\"Slide\" data-param1=\"\" data-param2=\"\" data-param3=\"\" data-param4=\"\" data-param5=\"\" data-param6=\"\" data-param7=\"\" data-param8=\"\" data-param9=\"\" data-param10=\"\" data-description=\"\">\n\t\t<!-- MAIN IMAGE -->\n\t\t<img loading=\"lazy\" decoding=\"async\" src=\"https:\/\/www.centrostoricoviamanno.it\/cagliari\/wp-content\/uploads\/2022\/05\/slide3.jpg\"  alt=\"\" title=\"slide3\"  width=\"1920\" height=\"1280\" data-bgposition=\"center center\" data-bgfit=\"cover\" data-bgrepeat=\"no-repeat\" data-bgparallax=\"off\" class=\"rev-slidebg\" data-no-retina>\n\t\t<!-- LAYERS -->\n\n\t\t<!-- LAYER NR. 15 -->\n\t\t<div class=\"tp-caption rev-btn rev-hiddenicon \" \n\t\t\t id=\"slide-17-layer-1\" \n\t\t\t data-x=\"['left','left','left','left']\" data-hoffset=\"['462','462','462','153']\" \n\t\t\t data-y=\"['top','top','top','top']\" data-voffset=\"['368','368','368','377']\" \n\t\t\t\t\t\tdata-width=\"169\"\n\t\t\tdata-height=\"none\"\n\t\t\tdata-whitespace=\"nowrap\"\n \n\t\t\tdata-type=\"button\" \n\t\t\tdata-actions='[{\"event\":\"click\",\"action\":\"simplelink\",\"target\":\"_self\",\"url\":\"https:\\\/\\\/www.prenotazionealberghi.it\\\/prenota\\\/112108-CentroStoricoViaManno\\\/\",\"delay\":\"\"}]'\n\t\t\tdata-responsive_offset=\"on\" \n\t\t\tdata-responsive=\"off\"\n\t\t\tdata-frames='[{\"delay\":10,\"speed\":300,\"frame\":\"0\",\"from\":\"opacity:0;\",\"to\":\"o:1;\",\"ease\":\"Power3.easeInOut\"},{\"delay\":\"wait\",\"speed\":300,\"frame\":\"999\",\"to\":\"opacity:0;\",\"ease\":\"Power3.easeInOut\"},{\"frame\":\"hover\",\"speed\":\"0\",\"ease\":\"Linear.easeNone\",\"to\":\"o:1;rX:0;rY:0;rZ:0;z:0;\",\"style\":\"c:rgba(0,0,0,1);bg:rgba(255,255,255,1);bs:solid;bw:0 0 0 0;\"}]'\n\t\t\tdata-textAlign=\"['inherit','inherit','inherit','inherit']\"\n\t\t\tdata-paddingtop=\"[12,12,12,12]\"\n\t\t\tdata-paddingright=\"[35,35,35,35]\"\n\t\t\tdata-paddingbottom=\"[12,12,12,12]\"\n\t\t\tdata-paddingleft=\"[35,35,35,35]\"\n\n\t\t\tstyle=\"z-index: 5; min-width: 169px; max-width: 169px; white-space: nowrap; font-size: 15px; line-height: 15px; font-weight: 900; color: rgba(255,255,255,1); letter-spacing: px;font-family:Roboto;text-transform:uppercase;background-color:rgba(0,0,0,0.75);border-color:rgba(0,0,0,1);border-radius:30px 30px 30px 30px;outline:none;box-shadow:none;box-sizing:border-box;-moz-box-sizing:border-box;-webkit-box-sizing:border-box;letter-spacing:1px;cursor:pointer;\">PRENOTA ORA <i class=\"fa-icon-chevron-right\"><\/i> <\/div>\n\n\t\t<!-- LAYER NR. 16 -->\n\t\t<div class=\"tp-caption tp-shape tp-shapewrapper  tp-resizeme\" \n\t\t\t id=\"slide-17-layer-3\" \n\t\t\t data-x=\"['left','left','left','left']\" data-hoffset=\"['285','285','285','-23']\" \n\t\t\t data-y=\"['top','top','top','top']\" data-voffset=\"['171','171','171','177']\" \n\t\t\t\t\t\tdata-width=\"559\"\n\t\t\tdata-height=\"['176','176','176','176']\"\n\t\t\tdata-whitespace=\"nowrap\"\n \n\t\t\tdata-type=\"shape\" \n\t\t\tdata-responsive_offset=\"on\" \n\n\t\t\tdata-frames='[{\"delay\":10,\"speed\":300,\"frame\":\"0\",\"from\":\"opacity:0;\",\"to\":\"o:1;\",\"ease\":\"Power3.easeInOut\"},{\"delay\":\"wait\",\"speed\":300,\"frame\":\"999\",\"to\":\"opacity:0;\",\"ease\":\"Power3.easeInOut\"}]'\n\t\t\tdata-textAlign=\"['inherit','inherit','inherit','inherit']\"\n\t\t\tdata-paddingtop=\"[0,0,0,0]\"\n\t\t\tdata-paddingright=\"[0,0,0,0]\"\n\t\t\tdata-paddingbottom=\"[0,0,0,0]\"\n\t\t\tdata-paddingleft=\"[0,0,0,0]\"\n\n\t\t\tstyle=\"z-index: 6;background-color:rgba(0,0,0,0.5);\"> <\/div>\n\n\t\t<!-- LAYER NR. 17 -->\n\t\t<div class=\"tp-caption   tp-resizeme\" \n\t\t\t id=\"slide-17-layer-5\" \n\t\t\t data-x=\"['left','left','left','left']\" data-hoffset=\"['302','302','302','35']\" \n\t\t\t data-y=\"['top','top','top','top']\" data-voffset=\"['229','229','229','183']\" \n\t\t\t\t\t\tdata-width=\"['none','none','none','460']\"\n\t\t\tdata-height=\"['none','none','none','143']\"\n\t\t\tdata-whitespace=\"nowrap\"\n \n\t\t\tdata-type=\"text\" \n\t\t\tdata-responsive_offset=\"on\" \n\n\t\t\tdata-frames='[{\"delay\":10,\"speed\":300,\"frame\":\"0\",\"from\":\"opacity:0;\",\"to\":\"o:1;\",\"ease\":\"Power3.easeInOut\"},{\"delay\":\"wait\",\"speed\":300,\"frame\":\"999\",\"to\":\"opacity:0;\",\"ease\":\"Power3.easeInOut\"}]'\n\t\t\tdata-textAlign=\"['inherit','inherit','inherit','inherit']\"\n\t\t\tdata-paddingtop=\"[0,0,0,0]\"\n\t\t\tdata-paddingright=\"[0,0,0,0]\"\n\t\t\tdata-paddingbottom=\"[0,0,0,0]\"\n\t\t\tdata-paddingleft=\"[0,0,0,0]\"\n\n\t\t\tstyle=\"z-index: 7; white-space: nowrap; font-size: 20px; line-height: 22px; font-weight: 400; color: #ffffff; letter-spacing: 0px;font-family:Open Sans;\">  Soltanto nel nostro sito web  ti  assicuri la <br> prenotazione dei nostri Monolocali  al prezzo <br> pi\u00f9 basso e pi\u00f9 conveniente richiedi o  <br>   PRENOTA ORA ...  <\/div>\n\t<\/li>\n<\/ul>\n<script>var htmlDiv = document.getElementById(\"rs-plugin-settings-inline-css\"); var htmlDivCss=\"\";\r\n\t\t\t\t\t\tif(htmlDiv) {\r\n\t\t\t\t\t\t\thtmlDiv.innerHTML = htmlDiv.innerHTML + htmlDivCss;\r\n\t\t\t\t\t\t}else{\r\n\t\t\t\t\t\t\tvar htmlDiv = document.createElement(\"div\");\r\n\t\t\t\t\t\t\thtmlDiv.innerHTML = \"<style>\" + htmlDivCss + \"<\/style>\";\r\n\t\t\t\t\t\t\tdocument.getElementsByTagName(\"head\")[0].appendChild(htmlDiv.childNodes[0]);\r\n\t\t\t\t\t\t}\r\n\t\t\t\t\t<\/script>\n<div class=\"tp-bannertimer tp-bottom\" style=\"visibility: hidden !important;\"><\/div>\t<\/div>\n<script>var htmlDiv = document.getElementById(\"rs-plugin-settings-inline-css\"); var htmlDivCss=\"\";\r\n\t\t\t\tif(htmlDiv) {\r\n\t\t\t\t\thtmlDiv.innerHTML = htmlDiv.innerHTML + htmlDivCss;\r\n\t\t\t\t}else{\r\n\t\t\t\t\tvar htmlDiv = document.createElement(\"div\");\r\n\t\t\t\t\thtmlDiv.innerHTML = \"<style>\" + htmlDivCss + \"<\/style>\";\r\n\t\t\t\t\tdocument.getElementsByTagName(\"head\")[0].appendChild(htmlDiv.childNodes[0]);\r\n\t\t\t\t}\r\n\t\t\t<\/script>\n\t\t<script type=\"text\/javascript\">\r\nif (setREVStartSize!==undefined) setREVStartSize(\r\n\t{c: '#rev_slider_3_1', responsiveLevels: [1240,1024,778,480], gridwidth: [1240,1024,778,480], gridheight: [786,768,960,720], sliderLayout: 'fullwidth'});\r\n\t\t\t\r\nvar revapi3,\r\n\ttpj;\t\r\n(function() {\t\t\t\r\n\tif (!\/loaded|interactive|complete\/.test(document.readyState)) document.addEventListener(\"DOMContentLoaded\",onLoad); else onLoad();\t\r\n\tfunction onLoad() {\t\t\t\t\r\n\t\tif (tpj===undefined) { tpj = jQuery; if(\"off\" == \"on\") tpj.noConflict();}\r\n\tif(tpj(\"#rev_slider_3_1\").revolution == undefined){\n\t\trevslider_showDoubleJqueryError(\"#rev_slider_3_1\");\n\t}else{\n\t\trevapi3 = tpj(\"#rev_slider_3_1\").show().revolution({\n\t\t\tsliderType:\"standard\",\n\t\t\tjsFileLocation:\"\/\/www.centrostoricoviamanno.it\/cagliari\/wp-content\/plugins\/revslider\/public\/assets\/js\/\",\n\t\t\tsliderLayout:\"fullwidth\",\n\t\t\tdottedOverlay:\"none\",\n\t\t\tdelay:9000,\n\t\t\tnavigation: {\n\t\t\t\tkeyboardNavigation:\"off\",\n\t\t\t\tkeyboard_direction: \"horizontal\",\n\t\t\t\tmouseScrollNavigation:\"off\",\n \t\t\t\t\t\t\tmouseScrollReverse:\"default\",\n\t\t\t\tonHoverStop:\"off\",\n\t\t\t\ttouch:{\n\t\t\t\t\ttouchenabled:\"on\",\n\t\t\t\t\ttouchOnDesktop:\"off\",\n\t\t\t\t\tswipe_threshold: 75,\n\t\t\t\t\tswipe_min_touches: 50,\n\t\t\t\t\tswipe_direction: \"horizontal\",\n\t\t\t\t\tdrag_block_vertical: false\n\t\t\t\t}\n\t\t\t\t,\n\t\t\t\tarrows: {\n\t\t\t\t\tstyle:\"hesperiden\",\n\t\t\t\t\tenable:true,\n\t\t\t\t\thide_onmobile:false,\n\t\t\t\t\thide_onleave:false,\n\t\t\t\t\ttmp:'',\n\t\t\t\t\tleft: {\n\t\t\t\t\t\th_align:\"left\",\n\t\t\t\t\t\tv_align:\"center\",\n\t\t\t\t\t\th_offset:20,\n\t\t\t\t\t\tv_offset:0\n\t\t\t\t\t},\n\t\t\t\t\tright: {\n\t\t\t\t\t\th_align:\"right\",\n\t\t\t\t\t\tv_align:\"center\",\n\t\t\t\t\t\th_offset:20,\n\t\t\t\t\t\tv_offset:0\n\t\t\t\t\t}\n\t\t\t\t}\n\t\t\t},\n\t\t\tresponsiveLevels:[1240,1024,778,480],\n\t\t\tvisibilityLevels:[1240,1024,778,480],\n\t\t\tgridwidth:[1240,1024,778,480],\n\t\t\tgridheight:[786,768,960,720],\n\t\t\tlazyType:\"none\",\n\t\t\tparallax: {\n\t\t\t\ttype:\"mouse\",\n\t\t\t\torigo:\"enterpoint\",\n\t\t\t\tspeed:1000,\n\t\t\t\tspeedbg:0,\n\t\t\t\tspeedls:0,\n\t\t\t\tlevels:[2,4,6,8,10,12,14,16,45,50,47,48,49,50,0,0],\n\t\t\t},\n\t\t\tshadow:0,\n\t\t\tspinner:\"off\",\n\t\t\tstopLoop:\"on\",\n\t\t\tstopAfterLoops:0,\n\t\t\tstopAtSlide:3,\n\t\t\tshuffle:\"off\",\n\t\t\tautoHeight:\"off\",\n\t\t\tdisableProgressBar:\"on\",\n\t\t\thideThumbsOnMobile:\"off\",\n\t\t\thideSliderAtLimit:0,\n\t\t\thideCaptionAtLimit:0,\n\t\t\thideAllCaptionAtLilmit:0,\n\t\t\tdebugMode:false,\n\t\t\tfallbacks: {\n\t\t\t\tsimplifyAll:\"off\",\n\t\t\t\tnextSlideOnWindowFocus:\"off\",\n\t\t\t\tdisableFocusListener:false,\n\t\t\t}\n\t\t});\n\t}; \/* END OF revapi call *\/\n\t\n }; \/* END OF ON LOAD FUNCTION *\/\r\n}()); \/* END OF WRAPPING FUNCTION *\/\r\n<\/script>\r\n\t\t<script>\r\n\t\t\t\t\tvar htmlDivCss = unescape(\".hesperiden.tparrows%20%7B%0A%09cursor%3Apointer%3B%0A%09background%3Argba%280%2C0%2C0%2C0.5%29%3B%0A%09width%3A40px%3B%0A%09height%3A40px%3B%0A%09position%3Aabsolute%3B%0A%09display%3Ablock%3B%0A%09z-index%3A100%3B%0A%20%20%20%20border-radius%3A%2050%25%3B%0A%7D%0A.hesperiden.tparrows%3Ahover%20%7B%0A%09background%3Argba%280%2C%200%2C%200%2C%201%29%3B%0A%7D%0A.hesperiden.tparrows%3Abefore%20%7B%0A%09font-family%3A%20%22revicons%22%3B%0A%09font-size%3A20px%3B%0A%09color%3Argb%28255%2C%20255%2C%20255%29%3B%0A%09display%3Ablock%3B%0A%09line-height%3A%2040px%3B%0A%09text-align%3A%20center%3B%0A%7D%0A.hesperiden.tparrows.tp-leftarrow%3Abefore%20%7B%0A%09content%3A%20%22%5Ce82c%22%3B%0A%20%20%20%20margin-left%3A-3px%3B%0A%7D%0A.hesperiden.tparrows.tp-rightarrow%3Abefore%20%7B%0A%09content%3A%20%22%5Ce82d%22%3B%0A%20%20%20%20margin-right%3A-3px%3B%0A%7D%0A\");\r\n\t\t\t\t\tvar htmlDiv = document.getElementById('rs-plugin-settings-inline-css');\r\n\t\t\t\t\tif(htmlDiv) {\r\n\t\t\t\t\t\thtmlDiv.innerHTML = htmlDiv.innerHTML + htmlDivCss;\r\n\t\t\t\t\t}\r\n\t\t\t\t\telse{\r\n\t\t\t\t\t\tvar htmlDiv = document.createElement('div');\r\n\t\t\t\t\t\thtmlDiv.innerHTML = '<style>' + htmlDivCss + '<\/style>';\r\n\t\t\t\t\t\tdocument.getElementsByTagName('head')[0].appendChild(htmlDiv.childNodes[0]);\r\n\t\t\t\t\t}\r\n\t\t\t\t  <\/script>\r\n\t\t\t\t<\/div><!-- END REVOLUTION SLIDER -->[\/vc_column][\/vc_row][vc_row][vc_column width=&#8221;1\/6&#8243;][\/vc_column][vc_column width=&#8221;2\/3&#8243; css=&#8221;.vc_custom_1501663038384{margin-top: -220px !important;}&#8221; el_class=&#8221;nd_options_margin_top_50_first_div_important_responsive&#8221;][vc_column_text css_animation=&#8221;fadeIn&#8221;][\/vc_column_text][\/vc_column][vc_column width=&#8221;1\/6&#8243;][\/vc_column][\/vc_row][vc_row equal_height=&#8221;yes&#8221; content_placement=&#8221;middle&#8221; css=&#8221;.vc_custom_1504096290589{padding-top: 45px !important;padding-bottom: 45px !important;}&#8221;][vc_column width=&#8221;1\/2&#8243;]<div style=\"background-color:;height: 25px\" class=\"nicdark_section  \"><\/div> <p style=\"color:#878787;padding:px;text-align:center;font-size:14px;line-height:27px;letter-spacing: 2px;font-weight:lighter\" class=\"   nd_options_second_font \">Centro Storico Via Manno<\/p> <div style=\"background-color:;height: 20px\" class=\"nicdark_section  \"><\/div> <h1 style=\"color:#1c1c1d;padding:px;text-align:center;font-size:80px;line-height:80px;letter-spacing: px;font-weight:normal\" class=\"  nd_options_font_size_40_important_all_iphone nd_options_line_height_40_important_all_iphone nd_options_first_font \">Relax in pieno centro citt\u00e0<\/h1>  <p style=\"color:;padding:40px;text-align:center;font-size:px;line-height:px;letter-spacing: px;font-weight:lighter\" class=\"   nd_options_second_font \">Per la sua posizione nel centro di Cagliari, nella via dello Shopping e a 10 minuti dalla Spiaggia del Poetto, ben servita dai mezzi pubblici, Centro Storico Via Manno Apartments \u00e8 l'ideale per coloro che vogliono trascorrere un soggiorno di vacanza o di lavoro alla scoperta delle radici storiche della citt\u00e0 senza rinunciare al mare cristallino della Sardegna.<\/p> \n\t<div class=\"nd_options_section nd_options_text_align_center\">\n\t<a style=\"border: px solid;border-radius:px;letter-spacing:2px;line-height:11px;font-size:11px;background-color:#c19b76;padding:15px 35px;margin:;color:#ffffff\" rel=\"\" target=\" _blank\" href=\"https:\/\/www.prenotazionealberghi.it\/prenota\/112108-CentroStoricoViaManno\/\" class=\"nicdark_display_inline_block  nd_options_font_weight_bold nd_options_second_font  \">PRENOTA ORA<\/a>\n\t<\/div>\n<div style=\"background-color:;height: 25px\" class=\"nicdark_section  \"><\/div>[\/vc_column][vc_column width=&#8221;1\/2&#8243;]<div style=\"background-color:;height: 25px\" class=\"nicdark_section  \"><\/div>\n    <div style=\"text-align:center\" class=\"nd_options_section\">\n      <img decoding=\"async\" alt=\"\" style=\"width:100%\" class=\" nd_options_margin_0 nd_options_padding_0 \" src=\"https:\/\/www.centrostoricoviamanno.it\/cagliari\/wp-content\/uploads\/2022\/05\/img-1-1024x963.jpg\">\n    <\/div>\n   <div style=\"background-color:;height: 25px\" class=\"nicdark_section  \"><\/div>[\/vc_column][\/vc_row][vc_row full_width=&#8221;stretch_row&#8221; css=&#8221;.vc_custom_1504096244356{padding-top: 70px !important;padding-bottom: 55px !important;background-color: #f9f9f9 !important;}&#8221;][vc_column]<div style=\"background-color:;height: 10px\" class=\"nicdark_section  \"><\/div>\n    <div class=\"nd_options_section nd_options_line_height_0  nd_options_text_align_center \">\n        <span style=\"height:1px;width:30px;background-color:#878787\" class=\"nd_options_display_inline_block\"><\/span>\n    <\/div>\n   <div style=\"background-color:;height: 30px\" class=\"nicdark_section  \"><\/div> <h1 style=\"color:#1c1c1c;padding:px;text-align:center;font-size:55px;line-height:px;letter-spacing: px;font-weight:normal\" class=\"  testo da aggiungere nd_options_first_font \">Monolocali Spaziosi<\/h1> <div style=\"background-color:;height: 45px\" class=\"nicdark_section  \"><\/div>[vc_row_inner][vc_column_inner width=&#8221;1\/2&#8243; css=&#8221;.vc_custom_1499939841347{padding-right: 0px !important;padding-left: 0px !important;}&#8221;][vc_column_text]Il Centro Storico Via Manno Apartments \u00e8 composto da ampi monolocali di 30\/40 mq dotati di Angolo Cottura completamente allestito, Bagno Privato con set di asciugamani, asciugacapelli, set di cortesia con pantofole.[\/vc_column_text][\/vc_column_inner][vc_column_inner width=&#8221;1\/2&#8243; css=&#8221;.vc_custom_1499939848725{padding-right: 0px !important;padding-left: 0px !important;}&#8221;][vc_column_text]La Suite Francesca offre la vista sul mare. Gli appartamenti sono tutti posizionati su pi\u00f9 piani in un elegante palazzo d\u2019epoca ristrutturato nel Dicembre 2021.<br \/>\nIn tutti i Monolocali \u00e8 vietato fumare.[\/vc_column_text][\/vc_column_inner][\/vc_row_inner][\/vc_column][\/vc_row][vc_row full_width=&#8221;stretch_row_content&#8221; equal_height=&#8221;yes&#8221; content_placement=&#8221;middle&#8221;][vc_column width=&#8221;1\/2&#8243; css=&#8221;.vc_custom_1562770046376{margin-top: 0px !important;margin-right: 0px !important;margin-bottom: 0px !important;margin-left: 0px !important;padding-top: 0px !important;padding-right: 0px !important;padding-bottom: 0px !important;padding-left: 0px !important;background-image: url(https:\/\/www.centrostoricoviamanno.it\/cagliari\/wp-content\/uploads\/2019\/06\/parallax-6.jpg?id=1419) !important;background-position: center !important;background-repeat: no-repeat !important;background-size: cover !important;}&#8221;][vc_single_image image=&#8221;1810&#8243; img_size=&#8221;large&#8221; alignment=&#8221;center&#8221;][\/vc_column][vc_column width=&#8221;1\/2&#8243; css=&#8221;.vc_custom_1501664082350{padding-top: 130px !important;padding-right: 100px !important;padding-bottom: 130px !important;padding-left: 100px !important;background-color: #1c1c1c !important;}&#8221; el_class=&#8221;nd_options_padding_50_first_div_important_all_iphone&#8221;] <h6 style=\"color:#ffffff;padding:px;text-align:;font-size:12px;line-height:12px;letter-spacing: 2px;font-weight:lighter\" class=\"   nd_options_second_font \">COMFORT &amp; COMODITA'<\/h6> <div style=\"background-color:;height: 20px\" class=\"nicdark_section  \"><\/div> <h1 style=\"color:#ffffff;padding:px;text-align:;font-size:80px;line-height:80px;letter-spacing: px;font-weight:normal\" class=\"  nd_options_font_size_40_important_all_iphone nd_options_line_height_40_important_all_iphone nd_options_first_font \">Scopri i Monolocali<\/h1>  <h1 style=\"color:#c19b76;padding:px;text-align:;font-size:80px;line-height:80px;letter-spacing: px;font-weight:normal\" class=\"  nd_options_font_size_40_important_all_iphone nd_options_line_height_40_important_all_iphone nd_options_first_font \"><\/h1> <div style=\"background-color:;height: 50px\" class=\"nicdark_section  \"><\/div>[vc_row_inner][vc_column_inner width=&#8221;1\/2&#8243;] <p style=\"color:;padding:px;text-align:;font-size:px;line-height:px;letter-spacing: px;font-weight:lighter\" class=\"   nd_options_second_font \">Il Centro Storico Via Manno Apartments \u00e8 composto da ampi monolocali di 30\/40 mq con pavimenti in parquet, disposti su pi\u00f9 piani in un elegante palazzo d\u2019epoca. Recentemente restaurato, con un arredamento nei colori caldi del legno e curatissimo nei dettagli, \u00e8 dotato di camere per non fumatori, letto matrimoniale (o letti separati) bagno privato e Angolo Cottura. I Monolocali Deluxe sono differenti, le fotografie pubblicate sono a solo scopo illustrativo.<\/p> [\/vc_column_inner][vc_column_inner width=&#8221;1\/2&#8243;] <p style=\"color:;padding:px;text-align:;font-size:px;line-height:px;letter-spacing: px;font-weight:lighter\" class=\"   nd_options_second_font \">I Monolocali sono tutti climatizzati e dotati di Angolo Cottura completamente allestito, Tv schermo piatto e satellitare - Wifi free - In silos a circa 350 mt, sono disponibili parcheggi a pagamento. L'accesso ai piccoli animali \u00e8 consentito. Dal 1 Luglio 2021 il Comune di Cagliari ha introdotto la tassa di soggiorno il cui costo \u00e8 pari a \u20ac 1,50 per persona\/notte.  Costi Aggiuntivi e Supplementi.  \tIl costo del servizio di pulizia finale \u00e8 pari a un minimo di \u20ac 20 fino ad un massimo di \u20ac 40, e dovr\u00e0 essere pagato alla consegna del monolocale<\/p> [\/vc_column_inner][\/vc_row_inner]<div style=\"background-color:;height: 50px\" class=\"nicdark_section  \"><\/div>\n\t\n\t<a style=\"border: px solid;border-radius:px;letter-spacing:2px;line-height:11px;font-size:11px;background-color:#151515;padding:15px 35px;margin:;color:#ffffff\" rel=\"\" target=\" _blank\" href=\"https:\/\/www.prenotazionealberghi.it\/prenota\/112108-CentroStoricoViaManno\/\" class=\"nicdark_display_inline_block nd_options_float_left nd_options_font_weight_bold nd_options_second_font  \">PRENOTA ORA<\/a>\n\t\n[\/vc_column][\/vc_row][vc_row][vc_column el_class=&#8221;nd_options_padding_20_first_div_important_all_iphone&#8221; css=&#8221;.vc_custom_1504096206452{padding: 70px !important;}&#8221;] <h2 style=\"color:#1c1c1c;padding:px;text-align:center;font-size:25px;line-height:45px;letter-spacing: px;font-weight:normal\" class=\"  testo da aggiungere nd_options_first_font \">Cagliari \u00e8 il cuore pulsante della Sardegna. Citt\u00e0 di mare, con una vocazione al turismo innata, l'antica Karalis offre numerose possibilit\u00e0 di svago, divertimento e cultura. Oltre al celebre Bastione di Saint Remy, nel quartiere Castello, da non perdere ci sono il Museo archeologico che rappresenta la storia nuragica della Sardegna, il Santuario di Nostra Signora di Bonaria e la necropoli punica di Tuvixeddu. Il centro citt\u00e0, dove sono situati i nostri appartamenti, si anima tra Piazza Yenne e via Roma, attraverso passeggiate e profumi di mare provenienti dalla vicina spiaggia del Poetto.<\/h2> [\/vc_column][\/vc_row][vc_row full_width=&#8221;stretch_row&#8221; parallax=&#8221;content-moving&#8221; parallax_image=&#8221;746&#8243; css=&#8221;.vc_custom_1503049177500{padding-top: 115px !important;padding-bottom: 115px !important;}&#8221; el_class=&#8221;nd_options_vc_parallax_filter_2_4&#8243;][vc_column el_class=&#8221;nd_options_text_align_center&#8221;] <h1 style=\"color:#ffffff;padding:px;text-align:center;font-size:55px;line-height:65px;letter-spacing: px;font-weight:bold\" class=\"  nd_options_font_size_40_important_all_iphone nd_options_line_height_40_important_all_iphone nd_options_first_font \">Dai un sguardo ``video`` alla nostra citt\u00e0...<\/h1> <div style=\"background-color:;height: 20px\" class=\"nicdark_section  \"><\/div> <h6 style=\"color:#ffffff;padding:px;text-align:center;font-size:12px;line-height:12px;letter-spacing: 2px;font-weight:lighter\" class=\"   nd_options_second_font \">CITTA' DI SOLE MARE E TANTE EMOZIONI<\/h6> <div style=\"background-color:;height: 40px\" class=\"nicdark_section  \"><\/div>\n\n  <div class=\"  nd_options_section nd_options_position_relative nd_options_fadein_fadeout nd_options_overflow_hidden\">    \n\n    <img decoding=\"async\" alt=\"\" class=\"nd_options_section nd_options_zoom_image\" src=\"https:\/\/www.centrostoricoviamanno.it\/cagliari\/wp-content\/uploads\/2019\/08\/cagliari-febbraio-19-2-1024x498.jpg\">\n\n    <!--filter-->\n    <div class=\"nd_options_fadeout nd_options_bg_greydark_alpha_2_2 nd_options_position_absolute nd_options_height_100_percentage nd_options_width_100_percentage\">  \n    <\/div>\n    <!--end filter-->\n\n    <!--start content-->\n    <div class=\"nd_options_fadein nd_options_bg_greydark_alpha_5 nd_options_position_absolute nd_options_height_100_percentage nd_options_width_100_percentage\">\n        <div class=\"nd_options_position_absolute nd_options_display_table nd_options_height_100_percentage nd_options_width_100_percentage\">\n            <div class=\"nd_options_display_table_cell nd_options_vertical_align_middle nd_options_text_align_center\">\n                <h3 style=\"color:#fff;font-size:17px;line-height:17px\" class=\"\">Cagliari citt\u00e0 di Mare<\/h3>\n                <div class=\"nd_options_section nd_options_height_20\"><\/div>\n                <a style=\"font-size:15px;line-height:15px;color:#fff\" class=\" nd_options_outline_0  nd_options_mpopup_iframe\" href=\"https:\/\/www.youtube.com\/watch?v=V0zYpeuUA2E\">Un giorno a Cagliari \u00e8 molto bello<\/a>\n            <\/div>   \n        <\/div>   \n    <\/div>\n    <!--end content-->\n\n<\/div>\n\n   [\/vc_column][\/vc_row][vc_row full_width=&#8221;stretch_row&#8221; css=&#8221;.vc_custom_1504096112164{padding-top: 70px !important;padding-bottom: 55px !important;background-color: #f9f9f9 !important;}&#8221;][vc_column css=&#8221;.vc_custom_1499939894926{padding-right: 0px !important;padding-left: 0px !important;}&#8221;] <h6 style=\"color:#878787;padding:px;text-align:center;font-size:12px;line-height:12px;letter-spacing: 2px;font-weight:lighter\" class=\"   nd_options_second_font \">PROPOSTE &amp; NEWS<\/h6> <div style=\"background-color:;height: 10px\" class=\"nicdark_section  \"><\/div>\n    <div class=\"nd_options_section nd_options_line_height_0  nd_options_text_align_center \">\n        <span style=\"height:1px;width:30px;background-color:#878787\" class=\"nd_options_display_inline_block\"><\/span>\n    <\/div>\n   <div style=\"background-color:;height: 30px\" class=\"nicdark_section  \"><\/div>[vc_column_text]<\/p>\n<h1 style=\"text-align: center;\"><strong>SEGUICI su<\/strong><\/h1>\n<div id=\"attachment_1517\" style=\"width: 274px\" class=\"wp-caption alignleft\"><a href=\"https:\/\/www.facebook.com\/centrostoricoviamanno.it\/\"><img loading=\"lazy\" decoding=\"async\" aria-describedby=\"caption-attachment-1517\" class=\" wp-image-1517\" src=\"https:\/\/www.centrostoricoviamanno.it\/cagliari\/wp-content\/uploads\/2019\/07\/facebook-icon-preview-1-300x300.png\" alt=\"Facebook Centro Storico Via Manno\" width=\"264\" height=\"264\" srcset=\"https:\/\/www.centrostoricoviamanno.it\/cagliari\/wp-content\/uploads\/2019\/07\/facebook-icon-preview-1-300x300.png 300w, https:\/\/www.centrostoricoviamanno.it\/cagliari\/wp-content\/uploads\/2019\/07\/facebook-icon-preview-1-150x150.png 150w, https:\/\/www.centrostoricoviamanno.it\/cagliari\/wp-content\/uploads\/2019\/07\/facebook-icon-preview-1.png 512w\" sizes=\"auto, (max-width: 264px) 100vw, 264px\" \/><\/a><p id=\"caption-attachment-1517\" class=\"wp-caption-text\">Facebook Centro Storico Via Manno<\/p><\/div>\n<p>&nbsp;<\/p>\n<div id=\"attachment_1518\" style=\"width: 198px\" class=\"wp-caption alignright\"><a href=\"https:\/\/www.instagram.com\/apcentrostoricoviamanno\/\"><img loading=\"lazy\" decoding=\"async\" aria-describedby=\"caption-attachment-1518\" class=\"wp-image-1518\" src=\"https:\/\/www.centrostoricoviamanno.it\/cagliari\/wp-content\/uploads\/2019\/07\/instagram-logo-300x300.png\" alt=\"Instagram Centro Storico Via Manno\" width=\"188\" height=\"191\"><\/a><p id=\"caption-attachment-1518\" class=\"wp-caption-text\">Instagram Centro Storico Via Manno<\/p><\/div>\n<h1 style=\"text-align: center;\">&nbsp;<\/h1>\n<p>[\/vc_column_text]<div style=\"background-color:;height: 45px\" class=\"nicdark_section  \"><\/div><!--START MASONRY--><div class=\"nd_options_section nd_options_masonry_content  \"><\/div><!--CLOSE MASONRY-->[\/vc_column][vc_column][\/vc_column][\/vc_row]<\/p>\n","protected":false},"excerpt":{"rendered":"<p>[vc_row][vc_column][\/vc_column][\/vc_row][vc_row][vc_column width=&#8221;1\/6&#8243;][\/vc_column][vc_column width=&#8221;2\/3&#8243; css=&#8221;.vc_custom_1501663038384{margin-top: -220px !important;}&#8221; el_class=&#8221;nd_options_margin_top_50_first_div_important_responsive&#8221;][vc_column_text css_animation=&#8221;fadeIn&#8221;][\/vc_column_text][\/vc_column][vc_column width=&#8221;1\/6&#8243;][\/vc_column][\/vc_row][vc_row equal_height=&#8221;yes&#8221; content_placement=&#8221;middle&#8221; css=&#8221;.vc_custom_1504096290589{padding-top: 45px !important;padding-bottom: 45px !important;}&#8221;][vc_column width=&#8221;1\/2&#8243;][\/vc_column][vc_column width=&#8221;1\/2&#8243;][\/vc_column][\/vc_row][vc_row full_width=&#8221;stretch_row&#8221; css=&#8221;.vc_custom_1504096244356{padding-top: 70px !important;padding-bottom: 55px !important;background-color: #f9f9f9 !important;}&#8221;][vc_column][vc_row_inner][vc_column_inner width=&#8221;1\/2&#8243; css=&#8221;.vc_custom_1499939841347{padding-right: 0px !important;padding-left: 0px !important;}&#8221;][vc_column_text]Il Centro Storico Via Manno Apartments \u00e8 composto da ampi monolocali di 30\/40 mq dotati di Angolo Cottura completamente allestito, Bagno Privato con set [&hellip;]<\/p>\n","protected":false},"author":3,"featured_media":0,"parent":0,"menu_order":0,"comment_status":"closed","ping_status":"closed","template":"","meta":{"ngg_post_thumbnail":0,"footnotes":""},"class_list":["post-16","page","type-page","status-publish","hentry"],"yoast_head":"<!-- This site is optimized with the Yoast SEO plugin v24.6 - https:\/\/yoast.com\/wordpress\/plugins\/seo\/ -->\n<title>HOME PAGE - Centro Storico Via Manno<\/title>\n<meta name=\"robots\" content=\"index, follow, max-snippet:-1, max-image-preview:large, max-video-preview:-1\" \/>\n<link rel=\"canonical\" href=\"https:\/\/www.centrostoricoviamanno.it\/cagliari\/\" \/>\n<meta property=\"og:locale\" content=\"it_IT\" \/>\n<meta property=\"og:type\" content=\"article\" \/>\n<meta property=\"og:title\" content=\"HOME PAGE - Centro Storico Via Manno\" \/>\n<meta property=\"og:description\" content=\"[vc_row][vc_column][\/vc_column][\/vc_row][vc_row][vc_column width=&#8221;1\/6&#8243;][\/vc_column][vc_column width=&#8221;2\/3&#8243; css=&#8221;.vc_custom_1501663038384{margin-top: -220px !important;}&#8221; el_class=&#8221;nd_options_margin_top_50_first_div_important_responsive&#8221;][vc_column_text css_animation=&#8221;fadeIn&#8221;][\/vc_column_text][\/vc_column][vc_column width=&#8221;1\/6&#8243;][\/vc_column][\/vc_row][vc_row equal_height=&#8221;yes&#8221; content_placement=&#8221;middle&#8221; css=&#8221;.vc_custom_1504096290589{padding-top: 45px !important;padding-bottom: 45px !important;}&#8221;][vc_column width=&#8221;1\/2&#8243;][\/vc_column][vc_column width=&#8221;1\/2&#8243;][\/vc_column][\/vc_row][vc_row full_width=&#8221;stretch_row&#8221; css=&#8221;.vc_custom_1504096244356{padding-top: 70px !important;padding-bottom: 55px !important;background-color: #f9f9f9 !important;}&#8221;][vc_column][vc_row_inner][vc_column_inner width=&#8221;1\/2&#8243; css=&#8221;.vc_custom_1499939841347{padding-right: 0px !important;padding-left: 0px !important;}&#8221;][vc_column_text]Il Centro Storico Via Manno Apartments \u00e8 composto da ampi monolocali di 30\/40 mq dotati di Angolo Cottura completamente allestito, Bagno Privato con set [&hellip;]\" \/>\n<meta property=\"og:url\" content=\"https:\/\/www.centrostoricoviamanno.it\/cagliari\/\" \/>\n<meta property=\"og:site_name\" content=\"Centro Storico Via Manno\" \/>\n<meta property=\"article:modified_time\" content=\"2023-10-19T15:35:07+00:00\" \/>\n<meta property=\"og:image\" content=\"https:\/\/www.centrostoricoviamanno.it\/cagliari\/wp-content\/uploads\/2019\/07\/facebook-icon-preview-1-300x300.png\" \/>\n<meta name=\"twitter:card\" content=\"summary_large_image\" \/>\n<meta name=\"twitter:label1\" content=\"Tempo di lettura stimato\" \/>\n\t<meta name=\"twitter:data1\" content=\"4 minuti\" \/>\n<script type=\"application\/ld+json\" class=\"yoast-schema-graph\">{\"@context\":\"https:\/\/schema.org\",\"@graph\":[{\"@type\":\"WebPage\",\"@id\":\"https:\/\/www.centrostoricoviamanno.it\/cagliari\/\",\"url\":\"https:\/\/www.centrostoricoviamanno.it\/cagliari\/\",\"name\":\"HOME PAGE - Centro Storico Via Manno\",\"isPartOf\":{\"@id\":\"https:\/\/www.centrostoricoviamanno.it\/cagliari\/#website\"},\"primaryImageOfPage\":{\"@id\":\"https:\/\/www.centrostoricoviamanno.it\/cagliari\/#primaryimage\"},\"image\":{\"@id\":\"https:\/\/www.centrostoricoviamanno.it\/cagliari\/#primaryimage\"},\"thumbnailUrl\":\"https:\/\/www.centrostoricoviamanno.it\/cagliari\/wp-content\/uploads\/2019\/07\/facebook-icon-preview-1-300x300.png\",\"datePublished\":\"2020-02-25T09:47:33+00:00\",\"dateModified\":\"2023-10-19T15:35:07+00:00\",\"breadcrumb\":{\"@id\":\"https:\/\/www.centrostoricoviamanno.it\/cagliari\/#breadcrumb\"},\"inLanguage\":\"it-IT\",\"potentialAction\":[{\"@type\":\"ReadAction\",\"target\":[\"https:\/\/www.centrostoricoviamanno.it\/cagliari\/\"]}]},{\"@type\":\"ImageObject\",\"inLanguage\":\"it-IT\",\"@id\":\"https:\/\/www.centrostoricoviamanno.it\/cagliari\/#primaryimage\",\"url\":\"https:\/\/www.centrostoricoviamanno.it\/cagliari\/wp-content\/uploads\/2019\/07\/facebook-icon-preview-1.png\",\"contentUrl\":\"https:\/\/www.centrostoricoviamanno.it\/cagliari\/wp-content\/uploads\/2019\/07\/facebook-icon-preview-1.png\",\"width\":512,\"height\":512,\"caption\":\"Facebook Centro Storico Via Manno\"},{\"@type\":\"BreadcrumbList\",\"@id\":\"https:\/\/www.centrostoricoviamanno.it\/cagliari\/#breadcrumb\",\"itemListElement\":[{\"@type\":\"ListItem\",\"position\":1,\"name\":\"Home\",\"item\":\"https:\/\/www.centrostoricoviamanno.it\/cagliari\/\"},{\"@type\":\"ListItem\",\"position\":2,\"name\":\"HOME PAGE\"}]},{\"@type\":\"WebSite\",\"@id\":\"https:\/\/www.centrostoricoviamanno.it\/cagliari\/#website\",\"url\":\"https:\/\/www.centrostoricoviamanno.it\/cagliari\/\",\"name\":\"Centro Storico Via Manno\",\"description\":\"Comodo come a casa\",\"potentialAction\":[{\"@type\":\"SearchAction\",\"target\":{\"@type\":\"EntryPoint\",\"urlTemplate\":\"https:\/\/www.centrostoricoviamanno.it\/cagliari\/?s={search_term_string}\"},\"query-input\":{\"@type\":\"PropertyValueSpecification\",\"valueRequired\":true,\"valueName\":\"search_term_string\"}}],\"inLanguage\":\"it-IT\"}]}<\/script>\n<!-- \/ Yoast SEO plugin. -->","yoast_head_json":{"title":"HOME PAGE - Centro Storico Via Manno","robots":{"index":"index","follow":"follow","max-snippet":"max-snippet:-1","max-image-preview":"max-image-preview:large","max-video-preview":"max-video-preview:-1"},"canonical":"https:\/\/www.centrostoricoviamanno.it\/cagliari\/","og_locale":"it_IT","og_type":"article","og_title":"HOME PAGE - Centro Storico Via Manno","og_description":"[vc_row][vc_column][\/vc_column][\/vc_row][vc_row][vc_column width=&#8221;1\/6&#8243;][\/vc_column][vc_column width=&#8221;2\/3&#8243; css=&#8221;.vc_custom_1501663038384{margin-top: -220px !important;}&#8221; el_class=&#8221;nd_options_margin_top_50_first_div_important_responsive&#8221;][vc_column_text css_animation=&#8221;fadeIn&#8221;][\/vc_column_text][\/vc_column][vc_column width=&#8221;1\/6&#8243;][\/vc_column][\/vc_row][vc_row equal_height=&#8221;yes&#8221; content_placement=&#8221;middle&#8221; css=&#8221;.vc_custom_1504096290589{padding-top: 45px !important;padding-bottom: 45px !important;}&#8221;][vc_column width=&#8221;1\/2&#8243;][\/vc_column][vc_column width=&#8221;1\/2&#8243;][\/vc_column][\/vc_row][vc_row full_width=&#8221;stretch_row&#8221; css=&#8221;.vc_custom_1504096244356{padding-top: 70px !important;padding-bottom: 55px !important;background-color: #f9f9f9 !important;}&#8221;][vc_column][vc_row_inner][vc_column_inner width=&#8221;1\/2&#8243; css=&#8221;.vc_custom_1499939841347{padding-right: 0px !important;padding-left: 0px !important;}&#8221;][vc_column_text]Il Centro Storico Via Manno Apartments \u00e8 composto da ampi monolocali di 30\/40 mq dotati di Angolo Cottura completamente allestito, Bagno Privato con set [&hellip;]","og_url":"https:\/\/www.centrostoricoviamanno.it\/cagliari\/","og_site_name":"Centro Storico Via Manno","article_modified_time":"2023-10-19T15:35:07+00:00","og_image":[{"url":"https:\/\/www.centrostoricoviamanno.it\/cagliari\/wp-content\/uploads\/2019\/07\/facebook-icon-preview-1-300x300.png","type":"","width":"","height":""}],"twitter_card":"summary_large_image","twitter_misc":{"Tempo di lettura stimato":"4 minuti"},"schema":{"@context":"https:\/\/schema.org","@graph":[{"@type":"WebPage","@id":"https:\/\/www.centrostoricoviamanno.it\/cagliari\/","url":"https:\/\/www.centrostoricoviamanno.it\/cagliari\/","name":"HOME PAGE - Centro Storico Via Manno","isPartOf":{"@id":"https:\/\/www.centrostoricoviamanno.it\/cagliari\/#website"},"primaryImageOfPage":{"@id":"https:\/\/www.centrostoricoviamanno.it\/cagliari\/#primaryimage"},"image":{"@id":"https:\/\/www.centrostoricoviamanno.it\/cagliari\/#primaryimage"},"thumbnailUrl":"https:\/\/www.centrostoricoviamanno.it\/cagliari\/wp-content\/uploads\/2019\/07\/facebook-icon-preview-1-300x300.png","datePublished":"2020-02-25T09:47:33+00:00","dateModified":"2023-10-19T15:35:07+00:00","breadcrumb":{"@id":"https:\/\/www.centrostoricoviamanno.it\/cagliari\/#breadcrumb"},"inLanguage":"it-IT","potentialAction":[{"@type":"ReadAction","target":["https:\/\/www.centrostoricoviamanno.it\/cagliari\/"]}]},{"@type":"ImageObject","inLanguage":"it-IT","@id":"https:\/\/www.centrostoricoviamanno.it\/cagliari\/#primaryimage","url":"https:\/\/www.centrostoricoviamanno.it\/cagliari\/wp-content\/uploads\/2019\/07\/facebook-icon-preview-1.png","contentUrl":"https:\/\/www.centrostoricoviamanno.it\/cagliari\/wp-content\/uploads\/2019\/07\/facebook-icon-preview-1.png","width":512,"height":512,"caption":"Facebook Centro Storico Via Manno"},{"@type":"BreadcrumbList","@id":"https:\/\/www.centrostoricoviamanno.it\/cagliari\/#breadcrumb","itemListElement":[{"@type":"ListItem","position":1,"name":"Home","item":"https:\/\/www.centrostoricoviamanno.it\/cagliari\/"},{"@type":"ListItem","position":2,"name":"HOME PAGE"}]},{"@type":"WebSite","@id":"https:\/\/www.centrostoricoviamanno.it\/cagliari\/#website","url":"https:\/\/www.centrostoricoviamanno.it\/cagliari\/","name":"Centro Storico Via Manno","description":"Comodo come a casa","potentialAction":[{"@type":"SearchAction","target":{"@type":"EntryPoint","urlTemplate":"https:\/\/www.centrostoricoviamanno.it\/cagliari\/?s={search_term_string}"},"query-input":{"@type":"PropertyValueSpecification","valueRequired":true,"valueName":"search_term_string"}}],"inLanguage":"it-IT"}]}},"_links":{"self":[{"href":"https:\/\/www.centrostoricoviamanno.it\/cagliari\/index.php\/wp-json\/wp\/v2\/pages\/16","targetHints":{"allow":["GET"]}}],"collection":[{"href":"https:\/\/www.centrostoricoviamanno.it\/cagliari\/index.php\/wp-json\/wp\/v2\/pages"}],"about":[{"href":"https:\/\/www.centrostoricoviamanno.it\/cagliari\/index.php\/wp-json\/wp\/v2\/types\/page"}],"author":[{"embeddable":true,"href":"https:\/\/www.centrostoricoviamanno.it\/cagliari\/index.php\/wp-json\/wp\/v2\/users\/3"}],"replies":[{"embeddable":true,"href":"https:\/\/www.centrostoricoviamanno.it\/cagliari\/index.php\/wp-json\/wp\/v2\/comments?post=16"}],"version-history":[{"count":92,"href":"https:\/\/www.centrostoricoviamanno.it\/cagliari\/index.php\/wp-json\/wp\/v2\/pages\/16\/revisions"}],"predecessor-version":[{"id":1827,"href":"https:\/\/www.centrostoricoviamanno.it\/cagliari\/index.php\/wp-json\/wp\/v2\/pages\/16\/revisions\/1827"}],"wp:attachment":[{"href":"https:\/\/www.centrostoricoviamanno.it\/cagliari\/index.php\/wp-json\/wp\/v2\/media?parent=16"}],"curies":[{"name":"wp","href":"https:\/\/api.w.org\/{rel}","templated":true}]}}